{"id":1245,"date":"2016-03-05T16:58:54","date_gmt":"2016-03-05T15:58:54","guid":{"rendered":"https:\/\/blogs.uni-bremen.de\/praxisschock\/?page_id=1245"},"modified":"2021-04-29T19:28:48","modified_gmt":"2021-04-29T17:28:48","slug":"berichte","status":"publish","type":"page","link":"https:\/\/blogs.uni-bremen.de\/praxisschock\/berichte\/","title":{"rendered":"Berichte"},"content":{"rendered":"<div class=\"et_d4_element et_pb_section et_pb_section_0  et_pb_css_mix_blend_mode et_section_regular et_block_section\" >\n\t\t\t\t\n\t\t\t\t\n\t\t\t\t\n\t\t\t\t\n\t\t\t\t\n\t\t\t\t\n\t\t\t\t<div class=\"et_d4_element et_pb_row et_pb_row_0  et_pb_css_mix_blend_mode et_block_row\">\n\t\t\t\t<div class=\"et_d4_element et_pb_column_3_4 et_pb_column et_pb_column_0  et_pb_css_mix_blend_mode et_block_column\">\n\t\t\t\t\n\t\t\t\t\n\t\t\t\t\n\t\t\t\t\n\t\t\t\t<div class=\"et_pb_module et_d4_element et_pb_blog_0  et_pb_css_mix_blend_mode et_pb_posts et_pb_bg_layout_light \">\n\t\t\t\t\n\t\t\t\t\n\t\t\t\t\n\t\t\t\t\n\t\t\t\t<div class=\"et_pb_ajax_pagination_container\">\n\t\t\t\t\t\n\t\t\t<article id=\"post-9306\" class=\"et_pb_post clearfix et_pb_blog_item_0_0 post-9306 post type-post status-publish format-standard has-post-thumbnail hentry category-allgemein category-berichte category-laender category-outgoing category-praktikum tag-azoren tag-biologie tag-meeresbiologie tag-portugal\">\n\n\t\t\t\t<a href=\"https:\/\/blogs.uni-bremen.de\/praxisschock\/2026\/08\/23\/erasmus-internship-at-the-university-of-the-azores\/\" class=\"entry-featured-image-url\"><img loading=\"lazy\" decoding=\"async\" src=\"https:\/\/blogs.uni-bremen.de\/praxisschock\/files\/image005-18.jpg\" alt=\"Erasmus+ Internship at the University of the Azores\" class=\"\" width=\"1080\" height=\"675\" srcset=\"https:\/\/blogs.uni-bremen.de\/praxisschock\/files\/image005-18.jpg 1080w, https:\/\/blogs.uni-bremen.de\/praxisschock\/files\/image005-18-480x362.jpg 480w\" sizes=\"(min-width: 0px) and (max-width: 480px) 480px, (min-width: 481px) 1080px, 100vw\" \/><\/a>\n\t\t\t\t\t\t\t\t\t\t\t\t\t\t<h2 class=\"entry-title\">\n\t\t\t\t\t\t\t\t\t\t\t\t\t<a href=\"https:\/\/blogs.uni-bremen.de\/praxisschock\/2026\/08\/23\/erasmus-internship-at-the-university-of-the-azores\/\">Erasmus+ Internship at the University of the Azores<\/a>\n\t\t\t\t\t\t\t\t\t\t\t<\/h2>\n\t\t\t\t\n\t\t\t\t\t<p class=\"post-meta\">von <span class=\"author vcard\"><a href=\"https:\/\/blogs.uni-bremen.de\/praxisschock\/author\/mathias\/\" title=\"Beitr\u00e4ge von International Office\" rel=\"author\">International Office<\/a><\/span> | <span class=\"published\">Aug. 23, 2026<\/span> | <a href=\"https:\/\/blogs.uni-bremen.de\/praxisschock\/category\/allgemein\/\" rel=\"tag\">Allgemein<\/a>, <a href=\"https:\/\/blogs.uni-bremen.de\/praxisschock\/category\/berichte\/\" rel=\"tag\">Berichte<\/a>, <a href=\"https:\/\/blogs.uni-bremen.de\/praxisschock\/category\/laender\/\" rel=\"tag\">L\u00e4nder<\/a>, <a href=\"https:\/\/blogs.uni-bremen.de\/praxisschock\/category\/outgoing\/\" rel=\"tag\">Outgoing<\/a>, <a href=\"https:\/\/blogs.uni-bremen.de\/praxisschock\/category\/praktikum\/\" rel=\"tag\">Praktikum<\/a> | 0 Kommentare<\/p><div class=\"post-content\"><div class=\"post-content-inner\"><p>&lt;!-- wp:divi\/text...<\/p>\n<\/div><a href=\"https:\/\/blogs.uni-bremen.de\/praxisschock\/2026\/08\/23\/erasmus-internship-at-the-university-of-the-azores\/\" class=\"more-link\">weiterlesen<\/a><\/div>\t\t\t\n\t\t\t<\/article>\n\t\t\t\t\n\t\t\t<article id=\"post-9315\" class=\"et_pb_post clearfix et_pb_blog_item_0_1 post-9315 post type-post status-publish format-standard has-post-thumbnail hentry category-allgemein category-berichte category-laender category-outgoing category-praktikum tag-frankreich tag-lehramt tag-montessori tag-schule tag-schulpraktikum tag-unterricht\">\n\n\t\t\t\t<a href=\"https:\/\/blogs.uni-bremen.de\/praxisschock\/2026\/08\/09\/erasmus-praktikum-an-einer-montessori-schule-in-nizza\/\" class=\"entry-featured-image-url\"><img loading=\"lazy\" decoding=\"async\" src=\"https:\/\/blogs.uni-bremen.de\/praxisschock\/files\/nizza-1080x675.jpg\" alt=\"Erasmus+ Praktikum an einer Montessori-Schule in Nizza\" class=\"\" width=\"1080\" height=\"675\" srcset=\"https:\/\/blogs.uni-bremen.de\/praxisschock\/files\/nizza-1080x675.jpg 1080w, https:\/\/blogs.uni-bremen.de\/praxisschock\/files\/nizza-980x653.jpg 980w, https:\/\/blogs.uni-bremen.de\/praxisschock\/files\/nizza-480x320.jpg 480w\" sizes=\"(min-width: 0px) and (max-width: 480px) 480px, (min-width: 481px) and (max-width: 980px) 980px, (min-width: 981px) 1080px, 100vw\" \/><\/a>\n\t\t\t\t\t\t\t\t\t\t\t\t\t\t<h2 class=\"entry-title\">\n\t\t\t\t\t\t\t\t\t\t\t\t\t<a href=\"https:\/\/blogs.uni-bremen.de\/praxisschock\/2026\/08\/09\/erasmus-praktikum-an-einer-montessori-schule-in-nizza\/\">Erasmus+ Praktikum an einer Montessori-Schule in Nizza<\/a>\n\t\t\t\t\t\t\t\t\t\t\t<\/h2>\n\t\t\t\t\n\t\t\t\t\t<p class=\"post-meta\">von <span class=\"author vcard\"><a href=\"https:\/\/blogs.uni-bremen.de\/praxisschock\/author\/mathias\/\" title=\"Beitr\u00e4ge von International Office\" rel=\"author\">International Office<\/a><\/span> | <span class=\"published\">Aug. 9, 2026<\/span> | <a href=\"https:\/\/blogs.uni-bremen.de\/praxisschock\/category\/allgemein\/\" rel=\"tag\">Allgemein<\/a>, <a href=\"https:\/\/blogs.uni-bremen.de\/praxisschock\/category\/berichte\/\" rel=\"tag\">Berichte<\/a>, <a href=\"https:\/\/blogs.uni-bremen.de\/praxisschock\/category\/laender\/\" rel=\"tag\">L\u00e4nder<\/a>, <a href=\"https:\/\/blogs.uni-bremen.de\/praxisschock\/category\/outgoing\/\" rel=\"tag\">Outgoing<\/a>, <a href=\"https:\/\/blogs.uni-bremen.de\/praxisschock\/category\/praktikum\/\" rel=\"tag\">Praktikum<\/a> | 0 Kommentare<\/p><div class=\"post-content\"><div class=\"post-content-inner\"><\/div><a href=\"https:\/\/blogs.uni-bremen.de\/praxisschock\/2026\/08\/09\/erasmus-praktikum-an-einer-montessori-schule-in-nizza\/\" class=\"more-link\">weiterlesen<\/a><\/div>\t\t\t\n\t\t\t<\/article>\n\t\t\t\t\n\t\t\t<article id=\"post-9300\" class=\"et_pb_post clearfix et_pb_blog_item_0_2 post-9300 post type-post status-publish format-standard has-post-thumbnail hentry category-allgemein category-berichte category-laender category-outgoing category-praktikum tag-belgien tag-politik tag-politikwissenschaften tag-public-health\">\n\n\t\t\t\t<a href=\"https:\/\/blogs.uni-bremen.de\/praxisschock\/2026\/07\/26\/praktikum-bei-der-vertretung-der-freien-hansestadt-bremen-bei-der-europaeischen-union-in-bruessel\/\" class=\"entry-featured-image-url\"><img loading=\"lazy\" decoding=\"async\" src=\"https:\/\/blogs.uni-bremen.de\/praxisschock\/files\/PXL_20230615_100141022-1080x675.jpg\" alt=\"Praktikum bei der Vertretung der Freien Hansestadt Bremen bei der Europ\u00e4ischen Union in Br\u00fcssel\" class=\"\" width=\"1080\" height=\"675\" srcset=\"https:\/\/blogs.uni-bremen.de\/praxisschock\/files\/PXL_20230615_100141022-1080x675.jpg 1080w, https:\/\/blogs.uni-bremen.de\/praxisschock\/files\/PXL_20230615_100141022-980x551.jpg 980w, https:\/\/blogs.uni-bremen.de\/praxisschock\/files\/PXL_20230615_100141022-480x270.jpg 480w\" sizes=\"(min-width: 0px) and (max-width: 480px) 480px, (min-width: 481px) and (max-width: 980px) 980px, (min-width: 981px) 1080px, 100vw\" \/><\/a>\n\t\t\t\t\t\t\t\t\t\t\t\t\t\t<h2 class=\"entry-title\">\n\t\t\t\t\t\t\t\t\t\t\t\t\t<a href=\"https:\/\/blogs.uni-bremen.de\/praxisschock\/2026\/07\/26\/praktikum-bei-der-vertretung-der-freien-hansestadt-bremen-bei-der-europaeischen-union-in-bruessel\/\">Praktikum bei der Vertretung der Freien Hansestadt Bremen bei der Europ\u00e4ischen Union in Br\u00fcssel<\/a>\n\t\t\t\t\t\t\t\t\t\t\t<\/h2>\n\t\t\t\t\n\t\t\t\t\t<p class=\"post-meta\">von <span class=\"author vcard\"><a href=\"https:\/\/blogs.uni-bremen.de\/praxisschock\/author\/mathias\/\" title=\"Beitr\u00e4ge von International Office\" rel=\"author\">International Office<\/a><\/span> | <span class=\"published\">Juli 26, 2026<\/span> | <a href=\"https:\/\/blogs.uni-bremen.de\/praxisschock\/category\/allgemein\/\" rel=\"tag\">Allgemein<\/a>, <a href=\"https:\/\/blogs.uni-bremen.de\/praxisschock\/category\/berichte\/\" rel=\"tag\">Berichte<\/a>, <a href=\"https:\/\/blogs.uni-bremen.de\/praxisschock\/category\/laender\/\" rel=\"tag\">L\u00e4nder<\/a>, <a href=\"https:\/\/blogs.uni-bremen.de\/praxisschock\/category\/outgoing\/\" rel=\"tag\">Outgoing<\/a>, <a href=\"https:\/\/blogs.uni-bremen.de\/praxisschock\/category\/praktikum\/\" rel=\"tag\">Praktikum<\/a> | 0 Kommentare<\/p><div class=\"post-content\"><div class=\"post-content-inner\"><\/div><a href=\"https:\/\/blogs.uni-bremen.de\/praxisschock\/2026\/07\/26\/praktikum-bei-der-vertretung-der-freien-hansestadt-bremen-bei-der-europaeischen-union-in-bruessel\/\" class=\"more-link\">weiterlesen<\/a><\/div>\t\t\t\n\t\t\t<\/article>\n\t\t\t\t\n\t\t\t<article id=\"post-9282\" class=\"et_pb_post clearfix et_pb_blog_item_0_3 post-9282 post type-post status-publish format-standard has-post-thumbnail hentry category-allgemein category-berichte category-laender category-outgoing category-praktikum tag-belgien tag-bruessel tag-jura tag-politikwissenschaften tag-rechtswissenschaften\">\n\n\t\t\t\t<a href=\"https:\/\/blogs.uni-bremen.de\/praxisschock\/2026\/07\/12\/praktikum-in-einer-landesvertretung-bei-der-europaeischen-union-in-bruessel\/\" class=\"entry-featured-image-url\"><img loading=\"lazy\" decoding=\"async\" src=\"https:\/\/blogs.uni-bremen.de\/praxisschock\/files\/bruess-1080x675.jpg\" alt=\"Praktikum in einer Landesvertretung bei der Europ\u00e4ischen Union in Br\u00fcssel\" class=\"\" width=\"1080\" height=\"675\" srcset=\"https:\/\/blogs.uni-bremen.de\/praxisschock\/files\/bruess-1080x675.jpg 1080w, https:\/\/blogs.uni-bremen.de\/praxisschock\/files\/bruess-980x551.jpg 980w, https:\/\/blogs.uni-bremen.de\/praxisschock\/files\/bruess-480x270.jpg 480w\" sizes=\"(min-width: 0px) and (max-width: 480px) 480px, (min-width: 481px) and (max-width: 980px) 980px, (min-width: 981px) 1080px, 100vw\" \/><\/a>\n\t\t\t\t\t\t\t\t\t\t\t\t\t\t<h2 class=\"entry-title\">\n\t\t\t\t\t\t\t\t\t\t\t\t\t<a href=\"https:\/\/blogs.uni-bremen.de\/praxisschock\/2026\/07\/12\/praktikum-in-einer-landesvertretung-bei-der-europaeischen-union-in-bruessel\/\">Praktikum in einer Landesvertretung bei der Europ\u00e4ischen Union in Br\u00fcssel<\/a>\n\t\t\t\t\t\t\t\t\t\t\t<\/h2>\n\t\t\t\t\n\t\t\t\t\t<p class=\"post-meta\">von <span class=\"author vcard\"><a href=\"https:\/\/blogs.uni-bremen.de\/praxisschock\/author\/mathias\/\" title=\"Beitr\u00e4ge von International Office\" rel=\"author\">International Office<\/a><\/span> | <span class=\"published\">Juli 12, 2026<\/span> | <a href=\"https:\/\/blogs.uni-bremen.de\/praxisschock\/category\/allgemein\/\" rel=\"tag\">Allgemein<\/a>, <a href=\"https:\/\/blogs.uni-bremen.de\/praxisschock\/category\/berichte\/\" rel=\"tag\">Berichte<\/a>, <a href=\"https:\/\/blogs.uni-bremen.de\/praxisschock\/category\/laender\/\" rel=\"tag\">L\u00e4nder<\/a>, <a href=\"https:\/\/blogs.uni-bremen.de\/praxisschock\/category\/outgoing\/\" rel=\"tag\">Outgoing<\/a>, <a href=\"https:\/\/blogs.uni-bremen.de\/praxisschock\/category\/praktikum\/\" rel=\"tag\">Praktikum<\/a> | 0 Kommentare<\/p><div class=\"post-content\"><div class=\"post-content-inner\"><\/div><a href=\"https:\/\/blogs.uni-bremen.de\/praxisschock\/2026\/07\/12\/praktikum-in-einer-landesvertretung-bei-der-europaeischen-union-in-bruessel\/\" class=\"more-link\">weiterlesen<\/a><\/div>\t\t\t\n\t\t\t<\/article>\n\t\t\t\t\n\t\t\t<article id=\"post-9268\" class=\"et_pb_post clearfix et_pb_blog_item_0_4 post-9268 post type-post status-publish format-standard has-post-thumbnail hentry category-allgemein category-berichte category-laender category-outgoing category-praktikum tag-english-report tag-forschungspraktikum tag-phd tag-psychologie tag-schweden\">\n\n\t\t\t\t<a href=\"https:\/\/blogs.uni-bremen.de\/praxisschock\/2026\/06\/28\/internship-in-developmental-psychology-as-a-phd-candidate-in-uppsala-university-sweden\/\" class=\"entry-featured-image-url\"><img loading=\"lazy\" decoding=\"async\" src=\"https:\/\/blogs.uni-bremen.de\/praxisschock\/files\/image011-7-1080x675.jpg\" alt=\"Internship in developmental psychology as a PhD candidate in Uppsala University (Sweden)\" class=\"\" width=\"1080\" height=\"675\" srcset=\"https:\/\/blogs.uni-bremen.de\/praxisschock\/files\/image011-7-1080x675.jpg 1080w, https:\/\/blogs.uni-bremen.de\/praxisschock\/files\/image011-7-980x735.jpg 980w, https:\/\/blogs.uni-bremen.de\/praxisschock\/files\/image011-7-480x360.jpg 480w\" sizes=\"(min-width: 0px) and (max-width: 480px) 480px, (min-width: 481px) and (max-width: 980px) 980px, (min-width: 981px) 1080px, 100vw\" \/><\/a>\n\t\t\t\t\t\t\t\t\t\t\t\t\t\t<h2 class=\"entry-title\">\n\t\t\t\t\t\t\t\t\t\t\t\t\t<a href=\"https:\/\/blogs.uni-bremen.de\/praxisschock\/2026\/06\/28\/internship-in-developmental-psychology-as-a-phd-candidate-in-uppsala-university-sweden\/\">Internship in developmental psychology as a PhD candidate in Uppsala University (Sweden)<\/a>\n\t\t\t\t\t\t\t\t\t\t\t<\/h2>\n\t\t\t\t\n\t\t\t\t\t<p class=\"post-meta\">von <span class=\"author vcard\"><a href=\"https:\/\/blogs.uni-bremen.de\/praxisschock\/author\/mathias\/\" title=\"Beitr\u00e4ge von International Office\" rel=\"author\">International Office<\/a><\/span> | <span class=\"published\">Juni 28, 2026<\/span> | <a href=\"https:\/\/blogs.uni-bremen.de\/praxisschock\/category\/allgemein\/\" rel=\"tag\">Allgemein<\/a>, <a href=\"https:\/\/blogs.uni-bremen.de\/praxisschock\/category\/berichte\/\" rel=\"tag\">Berichte<\/a>, <a href=\"https:\/\/blogs.uni-bremen.de\/praxisschock\/category\/laender\/\" rel=\"tag\">L\u00e4nder<\/a>, <a href=\"https:\/\/blogs.uni-bremen.de\/praxisschock\/category\/outgoing\/\" rel=\"tag\">Outgoing<\/a>, <a href=\"https:\/\/blogs.uni-bremen.de\/praxisschock\/category\/praktikum\/\" rel=\"tag\">Praktikum<\/a> | 0 Kommentare<\/p><div class=\"post-content\"><div class=\"post-content-inner\"><p>&lt;!-- wp:divi\/text {&quot;module&quot;:{&quot;decoration&quot;:{&quot;layout&quot;:{&quot;desktop&quot;:{&quot;value&quot;:{&quot;display&quot;:&quot;block&quot;}}}}},&quot;content&quot;:{&quot;innerContent&quot;:{&quot;desktop&quot;:{&quot;value&quot;:&quot;During...<\/p>\n<\/div><a href=\"https:\/\/blogs.uni-bremen.de\/praxisschock\/2026\/06\/28\/internship-in-developmental-psychology-as-a-phd-candidate-in-uppsala-university-sweden\/\" class=\"more-link\">weiterlesen<\/a><\/div>\t\t\t\n\t\t\t<\/article>\n\t\t\t\t\n\t\t\t<article id=\"post-9239\" class=\"et_pb_post clearfix et_pb_blog_item_0_5 post-9239 post type-post status-publish format-standard has-post-thumbnail hentry category-allgemein category-berichte category-laender category-outgoing category-praktikum tag-estland tag-integrierte-europastudien tag-politik\">\n\n\t\t\t\t<a href=\"https:\/\/blogs.uni-bremen.de\/praxisschock\/2026\/06\/14\/erasmus-praktikum-am-estonian-institute-of-historical-memory-eesti-maelu-instituut\/\" class=\"entry-featured-image-url\"><img loading=\"lazy\" decoding=\"async\" src=\"https:\/\/blogs.uni-bremen.de\/praxisschock\/files\/image005-16.jpg\" alt=\"Erasmus+ Praktikum am Estonian Institute of Historical Memory (Eesti M\u00e4lu Instituut)\" class=\"\" width=\"1080\" height=\"675\" srcset=\"https:\/\/blogs.uni-bremen.de\/praxisschock\/files\/image005-16.jpg 1080w, https:\/\/blogs.uni-bremen.de\/praxisschock\/files\/image005-16-480x360.jpg 480w\" sizes=\"(min-width: 0px) and (max-width: 480px) 480px, (min-width: 481px) 1080px, 100vw\" \/><\/a>\n\t\t\t\t\t\t\t\t\t\t\t\t\t\t<h2 class=\"entry-title\">\n\t\t\t\t\t\t\t\t\t\t\t\t\t<a href=\"https:\/\/blogs.uni-bremen.de\/praxisschock\/2026\/06\/14\/erasmus-praktikum-am-estonian-institute-of-historical-memory-eesti-maelu-instituut\/\">Erasmus+ Praktikum am Estonian Institute of Historical Memory (Eesti M\u00e4lu Instituut)<\/a>\n\t\t\t\t\t\t\t\t\t\t\t<\/h2>\n\t\t\t\t\n\t\t\t\t\t<p class=\"post-meta\">von <span class=\"author vcard\"><a href=\"https:\/\/blogs.uni-bremen.de\/praxisschock\/author\/mathias\/\" title=\"Beitr\u00e4ge von International Office\" rel=\"author\">International Office<\/a><\/span> | <span class=\"published\">Juni 14, 2026<\/span> | <a href=\"https:\/\/blogs.uni-bremen.de\/praxisschock\/category\/allgemein\/\" rel=\"tag\">Allgemein<\/a>, <a href=\"https:\/\/blogs.uni-bremen.de\/praxisschock\/category\/berichte\/\" rel=\"tag\">Berichte<\/a>, <a href=\"https:\/\/blogs.uni-bremen.de\/praxisschock\/category\/laender\/\" rel=\"tag\">L\u00e4nder<\/a>, <a href=\"https:\/\/blogs.uni-bremen.de\/praxisschock\/category\/outgoing\/\" rel=\"tag\">Outgoing<\/a>, <a href=\"https:\/\/blogs.uni-bremen.de\/praxisschock\/category\/praktikum\/\" rel=\"tag\">Praktikum<\/a> | 0 Kommentare<\/p><div class=\"post-content\"><div class=\"post-content-inner\"><\/div><a href=\"https:\/\/blogs.uni-bremen.de\/praxisschock\/2026\/06\/14\/erasmus-praktikum-am-estonian-institute-of-historical-memory-eesti-maelu-instituut\/\" class=\"more-link\">weiterlesen<\/a><\/div>\t\t\t\n\t\t\t<\/article>\n\t\t\t\t\n\t\t\t<article id=\"post-9221\" class=\"et_pb_post clearfix et_pb_blog_item_0_6 post-9221 post type-post status-publish format-standard has-post-thumbnail hentry category-allgemein category-berichte category-laender category-outgoing category-praktikum tag-biologie tag-curacao tag-english-report tag-karibik tag-meeresbiologie tag-niederlande\">\n\n\t\t\t\t<a href=\"https:\/\/blogs.uni-bremen.de\/praxisschock\/2026\/05\/31\/biology-internship-on-curacao-with-erasmus\/\" class=\"entry-featured-image-url\"><img loading=\"lazy\" decoding=\"async\" src=\"https:\/\/blogs.uni-bremen.de\/praxisschock\/files\/curacao-1080x675.jpg\" alt=\"Biology Internship on Cura\u00e7ao with Erasmus+\" class=\"\" width=\"1080\" height=\"675\" srcset=\"https:\/\/blogs.uni-bremen.de\/praxisschock\/files\/curacao-1080x675.jpg 1080w, https:\/\/blogs.uni-bremen.de\/praxisschock\/files\/curacao-980x653.jpg 980w, https:\/\/blogs.uni-bremen.de\/praxisschock\/files\/curacao-480x320.jpg 480w\" sizes=\"(min-width: 0px) and (max-width: 480px) 480px, (min-width: 481px) and (max-width: 980px) 980px, (min-width: 981px) 1080px, 100vw\" \/><\/a>\n\t\t\t\t\t\t\t\t\t\t\t\t\t\t<h2 class=\"entry-title\">\n\t\t\t\t\t\t\t\t\t\t\t\t\t<a href=\"https:\/\/blogs.uni-bremen.de\/praxisschock\/2026\/05\/31\/biology-internship-on-curacao-with-erasmus\/\">Biology Internship on Cura\u00e7ao with Erasmus+<\/a>\n\t\t\t\t\t\t\t\t\t\t\t<\/h2>\n\t\t\t\t\n\t\t\t\t\t<p class=\"post-meta\">von <span class=\"author vcard\"><a href=\"https:\/\/blogs.uni-bremen.de\/praxisschock\/author\/mathias\/\" title=\"Beitr\u00e4ge von International Office\" rel=\"author\">International Office<\/a><\/span> | <span class=\"published\">Mai 31, 2026<\/span> | <a href=\"https:\/\/blogs.uni-bremen.de\/praxisschock\/category\/allgemein\/\" rel=\"tag\">Allgemein<\/a>, <a href=\"https:\/\/blogs.uni-bremen.de\/praxisschock\/category\/berichte\/\" rel=\"tag\">Berichte<\/a>, <a href=\"https:\/\/blogs.uni-bremen.de\/praxisschock\/category\/laender\/\" rel=\"tag\">L\u00e4nder<\/a>, <a href=\"https:\/\/blogs.uni-bremen.de\/praxisschock\/category\/outgoing\/\" rel=\"tag\">Outgoing<\/a>, <a href=\"https:\/\/blogs.uni-bremen.de\/praxisschock\/category\/praktikum\/\" rel=\"tag\">Praktikum<\/a> | 0 Kommentare<\/p><div class=\"post-content\"><div class=\"post-content-inner\"><\/div><a href=\"https:\/\/blogs.uni-bremen.de\/praxisschock\/2026\/05\/31\/biology-internship-on-curacao-with-erasmus\/\" class=\"more-link\">weiterlesen<\/a><\/div>\t\t\t\n\t\t\t<\/article>\n\t\t\t\t\n\t\t\t<article id=\"post-9202\" class=\"et_pb_post clearfix et_pb_blog_item_0_7 post-9202 post type-post status-publish format-standard has-post-thumbnail hentry category-allgemein category-berichte category-laender category-praktikum tag-biologie tag-forschungspraktikum tag-kroatien tag-marine-biology\">\n\n\t\t\t\t<a href=\"https:\/\/blogs.uni-bremen.de\/praxisschock\/2026\/04\/27\/biologisches-forschungspraktikum-in-rovinj-mit-erasmus\/\" class=\"entry-featured-image-url\"><img loading=\"lazy\" decoding=\"async\" src=\"https:\/\/blogs.uni-bremen.de\/praxisschock\/files\/image013-3-1080x675.jpg\" alt=\"Biologisches Forschungspraktikum in Rovinj mit Erasmus+\" class=\"\" width=\"1080\" height=\"675\" srcset=\"https:\/\/blogs.uni-bremen.de\/praxisschock\/files\/image013-3-1080x675.jpg 1080w, https:\/\/blogs.uni-bremen.de\/praxisschock\/files\/image013-3-980x734.jpg 980w, https:\/\/blogs.uni-bremen.de\/praxisschock\/files\/image013-3-480x359.jpg 480w\" sizes=\"(min-width: 0px) and (max-width: 480px) 480px, (min-width: 481px) and (max-width: 980px) 980px, (min-width: 981px) 1080px, 100vw\" \/><\/a>\n\t\t\t\t\t\t\t\t\t\t\t\t\t\t<h2 class=\"entry-title\">\n\t\t\t\t\t\t\t\t\t\t\t\t\t<a href=\"https:\/\/blogs.uni-bremen.de\/praxisschock\/2026\/04\/27\/biologisches-forschungspraktikum-in-rovinj-mit-erasmus\/\">Biologisches Forschungspraktikum in Rovinj mit Erasmus+<\/a>\n\t\t\t\t\t\t\t\t\t\t\t<\/h2>\n\t\t\t\t\n\t\t\t\t\t<p class=\"post-meta\">von <span class=\"author vcard\"><a href=\"https:\/\/blogs.uni-bremen.de\/praxisschock\/author\/mathias\/\" title=\"Beitr\u00e4ge von International Office\" rel=\"author\">International Office<\/a><\/span> | <span class=\"published\">Apr. 27, 2026<\/span> | <a href=\"https:\/\/blogs.uni-bremen.de\/praxisschock\/category\/allgemein\/\" rel=\"tag\">Allgemein<\/a>, <a href=\"https:\/\/blogs.uni-bremen.de\/praxisschock\/category\/berichte\/\" rel=\"tag\">Berichte<\/a>, <a href=\"https:\/\/blogs.uni-bremen.de\/praxisschock\/category\/laender\/\" rel=\"tag\">L\u00e4nder<\/a>, <a href=\"https:\/\/blogs.uni-bremen.de\/praxisschock\/category\/praktikum\/\" rel=\"tag\">Praktikum<\/a> | 0 Kommentare<\/p><div class=\"post-content\"><div class=\"post-content-inner\"><p>Center f\u00fcr Marine Research des the Ru\u0111er Bo\u0161kovi\u0107 InstitutsDas \u201eCenter for Marine Research\" (CMR) ist ein Meeresforschungsinstitut des \u201eRu\u0111er Bo\u0161kovi\u0107 Institute (RBI)\u201d und liegt direkt an der K\u00fcste von Rovinj.Das Zentrum verf\u00fcgt \u00fcber vier Labore, die jeweils einen...<\/p>\n<\/div><a href=\"https:\/\/blogs.uni-bremen.de\/praxisschock\/2026\/04\/27\/biologisches-forschungspraktikum-in-rovinj-mit-erasmus\/\" class=\"more-link\">weiterlesen<\/a><\/div>\t\t\t\n\t\t\t<\/article>\n\t\t\t\t<div><div class=\"pagination clearfix\">\n\t<div class=\"alignleft\"><a href=\"https:\/\/blogs.uni-bremen.de\/praxisschock\/wp-json\/wp\/v2\/pages\/1245\/page\/2\/?et_blog\" >&laquo; \u00c4ltere Eintr\u00e4ge<\/a><\/div>\n\t<div class=\"alignright\"><\/div>\n<\/div><\/div><\/div>\n\t\t\t\t<\/div>\n\t\t\t\t \n\t\t\t<\/div><div class=\"et_d4_element et_pb_column_1_4 et_pb_column et_pb_column_1  et_pb_css_mix_blend_mode et-last-child et_block_column\">\n\t\t\t\t\n\t\t\t\t\n\t\t\t\t\n\t\t\t\t\n\t\t\t\t<div class=\"et_pb_module et_d4_element et_pb_text et_pb_text_0  et_pb_text_align_left et_pb_bg_layout_dark\">\n\t\t\t\t\n\t\t\t\t\n\t\t\t\t\n\t\t\t\t\n\t\t\t\t<div class=\"et_pb_text_inner\"><p style=\"text-align: center\">Berichte<\/p><\/div>\n\t\t\t<\/div><div class=\"et_pb_module et_d4_element et_pb_sidebar_0 et_pb_widget_area clearfix et_pb_widget_area_right et_pb_bg_layout_light\">\n\t\t\t\t\n\t\t\t\t\n\t\t\t\t\n\t\t\t\t\n\t\t\t\t<div id=\"search-6\" class=\"et_pb_widget widget_search\"><form role=\"search\" method=\"get\" id=\"searchform\" class=\"searchform\" action=\"https:\/\/blogs.uni-bremen.de\/praxisschock\/\">\n\t\t\t\t<div>\n\t\t\t\t\t<label class=\"screen-reader-text\" for=\"s\">Suchen nach:<\/label>\n\t\t\t\t\t<input type=\"text\" value=\"\" name=\"s\" id=\"s\" \/>\n\t\t\t\t\t<input type=\"submit\" id=\"searchsubmit\" value=\"Suchen\" \/>\n\t\t\t\t<\/div>\n\t\t\t<\/form><\/div>\n\t\t<div id=\"recent-posts-7\" class=\"et_pb_widget widget_recent_entries\">\n\t\t<h4 class=\"widgettitle\">Neueste Beitr\u00e4ge<\/h4>\n\t\t<ul>\n\t\t\t\t\t\t\t\t\t\t\t<li>\n\t\t\t\t\t<a href=\"https:\/\/blogs.uni-bremen.de\/praxisschock\/2026\/08\/23\/erasmus-internship-at-the-university-of-the-azores\/\">Erasmus+ Internship at the University of the Azores<\/a>\n\t\t\t\t\t\t\t\t\t<\/li>\n\t\t\t\t\t\t\t\t\t\t\t<li>\n\t\t\t\t\t<a href=\"https:\/\/blogs.uni-bremen.de\/praxisschock\/2026\/08\/09\/erasmus-praktikum-an-einer-montessori-schule-in-nizza\/\">Erasmus+ Praktikum an einer Montessori-Schule in Nizza<\/a>\n\t\t\t\t\t\t\t\t\t<\/li>\n\t\t\t\t\t\t\t\t\t\t\t<li>\n\t\t\t\t\t<a href=\"https:\/\/blogs.uni-bremen.de\/praxisschock\/2026\/07\/26\/praktikum-bei-der-vertretung-der-freien-hansestadt-bremen-bei-der-europaeischen-union-in-bruessel\/\">Praktikum bei der Vertretung der Freien Hansestadt Bremen bei der Europ\u00e4ischen Union in Br\u00fcssel<\/a>\n\t\t\t\t\t\t\t\t\t<\/li>\n\t\t\t\t\t\t\t\t\t\t\t<li>\n\t\t\t\t\t<a href=\"https:\/\/blogs.uni-bremen.de\/praxisschock\/2026\/07\/12\/praktikum-in-einer-landesvertretung-bei-der-europaeischen-union-in-bruessel\/\">Praktikum in einer Landesvertretung bei der Europ\u00e4ischen Union in Br\u00fcssel<\/a>\n\t\t\t\t\t\t\t\t\t<\/li>\n\t\t\t\t\t\t\t\t\t\t\t<li>\n\t\t\t\t\t<a href=\"https:\/\/blogs.uni-bremen.de\/praxisschock\/2026\/06\/28\/internship-in-developmental-psychology-as-a-phd-candidate-in-uppsala-university-sweden\/\">Internship in developmental psychology as a PhD candidate in Uppsala University (Sweden)<\/a>\n\t\t\t\t\t\t\t\t\t<\/li>\n\t\t\t\t\t<\/ul>\n\n\t\t<\/div><div id=\"recent-comments-7\" class=\"et_pb_widget widget_recent_comments\"><h4 class=\"widgettitle\">Neueste Kommentare<\/h4><ul id=\"recentcomments\"><li class=\"recentcomments\"><span class=\"comment-author-link\">Julia M\u00fcller<\/span> zu <a href=\"https:\/\/blogs.uni-bremen.de\/praxisschock\/2019\/10\/11\/psychologie-forschungspraktikum-mit-erasmus-an-der-mid-sweden-university-in-oestersund-schweden\/#comment-2018\">Psychologie-Forschungspraktikum mit Erasmus an der Mid Sweden University in \u00d6stersund, Schweden<\/a><\/li><li class=\"recentcomments\"><span class=\"comment-author-link\">Laureen<\/span> zu <a href=\"https:\/\/blogs.uni-bremen.de\/praxisschock\/2019\/07\/01\/erasmus-praktikum-in-einer-kinderkrippe-in-sevilla-spanien\/#comment-1970\">Erasmus-Praktikum in einer Kinderkrippe in Sevilla, Spanien<\/a><\/li><li class=\"recentcomments\"><span class=\"comment-author-link\">Johanna Pfleger<\/span> zu <a href=\"https:\/\/blogs.uni-bremen.de\/praxisschock\/2020\/01\/25\/pflegewissenschaften-praktikum-bei-einer-ngo-in-kapstadt-suedafrika\/#comment-1966\">Pflegewissenschaften-Praktikum bei einer NGO in Kapstadt, S\u00fcdafrika<\/a><\/li><li class=\"recentcomments\"><span class=\"comment-author-link\">Anna Lebler<\/span> zu <a href=\"https:\/\/blogs.uni-bremen.de\/praxisschock\/2019\/07\/01\/erasmus-praktikum-in-einer-kinderkrippe-in-sevilla-spanien\/#comment-1775\">Erasmus-Praktikum in einer Kinderkrippe in Sevilla, Spanien<\/a><\/li><li class=\"recentcomments\"><span class=\"comment-author-link\">Jasmin Herhold<\/span> zu <a href=\"https:\/\/blogs.uni-bremen.de\/praxisschock\/2018\/08\/28\/public-health-auslandspraktikum-in-kapstadt-suedafrika\/#comment-1456\">Public Health Auslandspraktikum in Kapstadt, S\u00fcdafrika<\/a><\/li><\/ul><\/div><div id=\"tag_cloud-4\" class=\"et_pb_widget widget_tag_cloud\"><h4 class=\"widgettitle\">Schlagworte<\/h4><div class=\"tagcloud\"><a href=\"https:\/\/blogs.uni-bremen.de\/praxisschock\/tag\/belgien\/\" class=\"tag-cloud-link tag-link-52087 tag-link-position-1\" style=\"font-size: 13.431034482759pt;\" aria-label=\"Belgien (27\u00a0Eintr\u00e4ge)\">Belgien<span class=\"tag-link-count\"> (27)<\/span><\/a>\n<a href=\"https:\/\/blogs.uni-bremen.de\/praxisschock\/tag\/biologie\/\" class=\"tag-cloud-link tag-link-15903 tag-link-position-2\" style=\"font-size: 15.844827586207pt;\" aria-label=\"Biologie (44\u00a0Eintr\u00e4ge)\">Biologie<span class=\"tag-link-count\"> (44)<\/span><\/a>\n<a href=\"https:\/\/blogs.uni-bremen.de\/praxisschock\/tag\/bruessel\/\" class=\"tag-cloud-link tag-link-368885 tag-link-position-3\" style=\"font-size: 9.3275862068966pt;\" aria-label=\"Br\u00fcssel (12\u00a0Eintr\u00e4ge)\">Br\u00fcssel<span class=\"tag-link-count\"> (12)<\/span><\/a>\n<a href=\"https:\/\/blogs.uni-bremen.de\/praxisschock\/tag\/bwl\/\" class=\"tag-cloud-link tag-link-125753 tag-link-position-4\" style=\"font-size: 10.172413793103pt;\" aria-label=\"BWL (14\u00a0Eintr\u00e4ge)\">BWL<span class=\"tag-link-count\"> (14)<\/span><\/a>\n<a href=\"https:\/\/blogs.uni-bremen.de\/praxisschock\/tag\/daenemark\/\" class=\"tag-cloud-link tag-link-67971 tag-link-position-5\" style=\"font-size: 10.413793103448pt;\" aria-label=\"D\u00e4nemark (15\u00a0Eintr\u00e4ge)\">D\u00e4nemark<span class=\"tag-link-count\"> (15)<\/span><\/a>\n<a href=\"https:\/\/blogs.uni-bremen.de\/praxisschock\/tag\/english-speaking-cultures\/\" class=\"tag-cloud-link tag-link-368753 tag-link-position-6\" style=\"font-size: 13.913793103448pt;\" aria-label=\"English-Speaking Cultures (30\u00a0Eintr\u00e4ge)\">English-Speaking Cultures<span class=\"tag-link-count\"> (30)<\/span><\/a>\n<a href=\"https:\/\/blogs.uni-bremen.de\/praxisschock\/tag\/english-report\/\" class=\"tag-cloud-link tag-link-525305 tag-link-position-7\" style=\"font-size: 17.413793103448pt;\" aria-label=\"English Report (59\u00a0Eintr\u00e4ge)\">English Report<span class=\"tag-link-count\"> (59)<\/span><\/a>\n<a href=\"https:\/\/blogs.uni-bremen.de\/praxisschock\/tag\/erfahrungsbericht\/\" class=\"tag-cloud-link tag-link-125659 tag-link-position-8\" style=\"font-size: 22pt;\" aria-label=\"Erfahrungsbericht (143\u00a0Eintr\u00e4ge)\">Erfahrungsbericht<span class=\"tag-link-count\"> (143)<\/span><\/a>\n<a href=\"https:\/\/blogs.uni-bremen.de\/praxisschock\/tag\/forschungspraktikum\/\" class=\"tag-cloud-link tag-link-368841 tag-link-position-9\" style=\"font-size: 19.344827586207pt;\" aria-label=\"Forschungspraktikum (87\u00a0Eintr\u00e4ge)\">Forschungspraktikum<span class=\"tag-link-count\"> (87)<\/span><\/a>\n<a href=\"https:\/\/blogs.uni-bremen.de\/praxisschock\/tag\/frankreich\/\" class=\"tag-cloud-link tag-link-52097 tag-link-position-10\" style=\"font-size: 15.241379310345pt;\" aria-label=\"Frankreich (39\u00a0Eintr\u00e4ge)\">Frankreich<span class=\"tag-link-count\"> (39)<\/span><\/a>\n<a href=\"https:\/\/blogs.uni-bremen.de\/praxisschock\/tag\/fremdsprachenassistenz\/\" class=\"tag-cloud-link tag-link-368843 tag-link-position-11\" style=\"font-size: 15.48275862069pt;\" aria-label=\"Fremdsprachenassistenz (41\u00a0Eintr\u00e4ge)\">Fremdsprachenassistenz<span class=\"tag-link-count\"> (41)<\/span><\/a>\n<a href=\"https:\/\/blogs.uni-bremen.de\/praxisschock\/tag\/griechenland\/\" class=\"tag-cloud-link tag-link-52064 tag-link-position-12\" style=\"font-size: 9.3275862068966pt;\" aria-label=\"Griechenland (12\u00a0Eintr\u00e4ge)\">Griechenland<span class=\"tag-link-count\"> (12)<\/span><\/a>\n<a href=\"https:\/\/blogs.uni-bremen.de\/praxisschock\/tag\/grossbritannien\/\" class=\"tag-cloud-link tag-link-357628 tag-link-position-13\" style=\"font-size: 17.655172413793pt;\" aria-label=\"Gro\u00dfbritannien (62\u00a0Eintr\u00e4ge)\">Gro\u00dfbritannien<span class=\"tag-link-count\"> (62)<\/span><\/a>\n<a href=\"https:\/\/blogs.uni-bremen.de\/praxisschock\/tag\/grundschule\/\" class=\"tag-cloud-link tag-link-68174 tag-link-position-14\" style=\"font-size: 8.9655172413793pt;\" aria-label=\"Grundschule (11\u00a0Eintr\u00e4ge)\">Grundschule<span class=\"tag-link-count\"> (11)<\/span><\/a>\n<a href=\"https:\/\/blogs.uni-bremen.de\/praxisschock\/tag\/integrierte-europastudien\/\" class=\"tag-cloud-link tag-link-572051 tag-link-position-15\" style=\"font-size: 9.3275862068966pt;\" aria-label=\"Integrierte Europastudien (12\u00a0Eintr\u00e4ge)\">Integrierte Europastudien<span class=\"tag-link-count\"> (12)<\/span><\/a>\n<a href=\"https:\/\/blogs.uni-bremen.de\/praxisschock\/tag\/interkulturelle-erfahrungen\/\" class=\"tag-cloud-link tag-link-525315 tag-link-position-16\" style=\"font-size: 18.379310344828pt;\" aria-label=\"Interkulturelle Erfahrungen (72\u00a0Eintr\u00e4ge)\">Interkulturelle Erfahrungen<span class=\"tag-link-count\"> (72)<\/span><\/a>\n<a href=\"https:\/\/blogs.uni-bremen.de\/praxisschock\/tag\/irland\/\" class=\"tag-cloud-link tag-link-52073 tag-link-position-17\" style=\"font-size: 9.3275862068966pt;\" aria-label=\"Irland (12\u00a0Eintr\u00e4ge)\">Irland<span class=\"tag-link-count\"> (12)<\/span><\/a>\n<a href=\"https:\/\/blogs.uni-bremen.de\/praxisschock\/tag\/istanbul\/\" class=\"tag-cloud-link tag-link-21115 tag-link-position-18\" style=\"font-size: 10.413793103448pt;\" aria-label=\"Istanbul (15\u00a0Eintr\u00e4ge)\">Istanbul<span class=\"tag-link-count\"> (15)<\/span><\/a>\n<a href=\"https:\/\/blogs.uni-bremen.de\/praxisschock\/tag\/italien\/\" class=\"tag-cloud-link tag-link-52074 tag-link-position-19\" style=\"font-size: 14.155172413793pt;\" aria-label=\"Italien (31\u00a0Eintr\u00e4ge)\">Italien<span class=\"tag-link-count\"> (31)<\/span><\/a>\n<a href=\"https:\/\/blogs.uni-bremen.de\/praxisschock\/tag\/kmw\/\" class=\"tag-cloud-link tag-link-368374 tag-link-position-20\" style=\"font-size: 8pt;\" aria-label=\"KMW (9\u00a0Eintr\u00e4ge)\">KMW<span class=\"tag-link-count\"> (9)<\/span><\/a>\n<a href=\"https:\/\/blogs.uni-bremen.de\/praxisschock\/tag\/kulturschock\/\" class=\"tag-cloud-link tag-link-368717 tag-link-position-21\" style=\"font-size: 9.3275862068966pt;\" aria-label=\"Kulturschock (12\u00a0Eintr\u00e4ge)\">Kulturschock<span class=\"tag-link-count\"> (12)<\/span><\/a>\n<a href=\"https:\/\/blogs.uni-bremen.de\/praxisschock\/tag\/leben-im-ausland\/\" class=\"tag-cloud-link tag-link-368887 tag-link-position-22\" style=\"font-size: 21.275862068966pt;\" aria-label=\"Leben im Ausland (126\u00a0Eintr\u00e4ge)\">Leben im Ausland<span class=\"tag-link-count\"> (126)<\/span><\/a>\n<a href=\"https:\/\/blogs.uni-bremen.de\/praxisschock\/tag\/lehramt\/\" class=\"tag-cloud-link tag-link-49297 tag-link-position-23\" style=\"font-size: 19.586206896552pt;\" aria-label=\"Lehramt (90\u00a0Eintr\u00e4ge)\">Lehramt<span class=\"tag-link-count\"> (90)<\/span><\/a>\n<a href=\"https:\/\/blogs.uni-bremen.de\/praxisschock\/tag\/marine-biology\/\" class=\"tag-cloud-link tag-link-525341 tag-link-position-24\" style=\"font-size: 8.9655172413793pt;\" aria-label=\"Marine Biology (11\u00a0Eintr\u00e4ge)\">Marine Biology<span class=\"tag-link-count\"> (11)<\/span><\/a>\n<a href=\"https:\/\/blogs.uni-bremen.de\/praxisschock\/tag\/ngo\/\" class=\"tag-cloud-link tag-link-368743 tag-link-position-25\" style=\"font-size: 10.413793103448pt;\" aria-label=\"NGO (15\u00a0Eintr\u00e4ge)\">NGO<span class=\"tag-link-count\"> (15)<\/span><\/a>\n<a href=\"https:\/\/blogs.uni-bremen.de\/praxisschock\/tag\/niederlande\/\" class=\"tag-cloud-link tag-link-52080 tag-link-position-26\" style=\"font-size: 10.775862068966pt;\" aria-label=\"Niederlande (16\u00a0Eintr\u00e4ge)\">Niederlande<span class=\"tag-link-count\"> (16)<\/span><\/a>\n<a href=\"https:\/\/blogs.uni-bremen.de\/praxisschock\/tag\/organisatorisches\/\" class=\"tag-cloud-link tag-link-18499 tag-link-position-27\" style=\"font-size: 20.431034482759pt;\" aria-label=\"Organisatorisches (105\u00a0Eintr\u00e4ge)\">Organisatorisches<span class=\"tag-link-count\"> (105)<\/span><\/a>\n<a href=\"https:\/\/blogs.uni-bremen.de\/praxisschock\/tag\/politik\/\" class=\"tag-cloud-link tag-link-255 tag-link-position-28\" style=\"font-size: 8pt;\" aria-label=\"Politik (9\u00a0Eintr\u00e4ge)\">Politik<span class=\"tag-link-count\"> (9)<\/span><\/a>\n<a href=\"https:\/\/blogs.uni-bremen.de\/praxisschock\/tag\/politikwissenschaften\/\" class=\"tag-cloud-link tag-link-15677 tag-link-position-29\" style=\"font-size: 12.344827586207pt;\" aria-label=\"Politikwissenschaften (22\u00a0Eintr\u00e4ge)\">Politikwissenschaften<span class=\"tag-link-count\"> (22)<\/span><\/a>\n<a href=\"https:\/\/blogs.uni-bremen.de\/praxisschock\/tag\/portugal\/\" class=\"tag-cloud-link tag-link-52056 tag-link-position-30\" style=\"font-size: 10.172413793103pt;\" aria-label=\"Portugal (14\u00a0Eintr\u00e4ge)\">Portugal<span class=\"tag-link-count\"> (14)<\/span><\/a>\n<a href=\"https:\/\/blogs.uni-bremen.de\/praxisschock\/tag\/praktikumssuche\/\" class=\"tag-cloud-link tag-link-368791 tag-link-position-31\" style=\"font-size: 18.258620689655pt;\" aria-label=\"Praktikumssuche (70\u00a0Eintr\u00e4ge)\">Praktikumssuche<span class=\"tag-link-count\"> (70)<\/span><\/a>\n<a href=\"https:\/\/blogs.uni-bremen.de\/praxisschock\/tag\/produktionstechnik\/\" class=\"tag-cloud-link tag-link-61104 tag-link-position-32\" style=\"font-size: 9.3275862068966pt;\" aria-label=\"Produktionstechnik (12\u00a0Eintr\u00e4ge)\">Produktionstechnik<span class=\"tag-link-count\"> (12)<\/span><\/a>\n<a href=\"https:\/\/blogs.uni-bremen.de\/praxisschock\/tag\/promos\/\" class=\"tag-cloud-link tag-link-368747 tag-link-position-33\" style=\"font-size: 11.862068965517pt;\" aria-label=\"Promos (20\u00a0Eintr\u00e4ge)\">Promos<span class=\"tag-link-count\"> (20)<\/span><\/a>\n<a href=\"https:\/\/blogs.uni-bremen.de\/praxisschock\/tag\/psychologie\/\" class=\"tag-cloud-link tag-link-188 tag-link-position-34\" style=\"font-size: 12.103448275862pt;\" aria-label=\"Psychologie (21\u00a0Eintr\u00e4ge)\">Psychologie<span class=\"tag-link-count\"> (21)<\/span><\/a>\n<a href=\"https:\/\/blogs.uni-bremen.de\/praxisschock\/tag\/public-health\/\" class=\"tag-cloud-link tag-link-70505 tag-link-position-35\" style=\"font-size: 15.603448275862pt;\" aria-label=\"Public Health (42\u00a0Eintr\u00e4ge)\">Public Health<span class=\"tag-link-count\"> (42)<\/span><\/a>\n<a href=\"https:\/\/blogs.uni-bremen.de\/praxisschock\/tag\/rechtswissenschaften\/\" class=\"tag-cloud-link tag-link-525317 tag-link-position-36\" style=\"font-size: 8.4827586206897pt;\" aria-label=\"Rechtswissenschaften (10\u00a0Eintr\u00e4ge)\">Rechtswissenschaften<span class=\"tag-link-count\"> (10)<\/span><\/a>\n<a href=\"https:\/\/blogs.uni-bremen.de\/praxisschock\/tag\/roots\/\" class=\"tag-cloud-link tag-link-401755 tag-link-position-37\" style=\"font-size: 8.9655172413793pt;\" aria-label=\"Roots (11\u00a0Eintr\u00e4ge)\">Roots<span class=\"tag-link-count\"> (11)<\/span><\/a>\n<a href=\"https:\/\/blogs.uni-bremen.de\/praxisschock\/tag\/schweden\/\" class=\"tag-cloud-link tag-link-72822 tag-link-position-38\" style=\"font-size: 13.431034482759pt;\" aria-label=\"Schweden (27\u00a0Eintr\u00e4ge)\">Schweden<span class=\"tag-link-count\"> (27)<\/span><\/a>\n<a href=\"https:\/\/blogs.uni-bremen.de\/praxisschock\/tag\/spanien\/\" class=\"tag-cloud-link tag-link-52079 tag-link-position-39\" style=\"font-size: 16.568965517241pt;\" aria-label=\"Spanien (50\u00a0Eintr\u00e4ge)\">Spanien<span class=\"tag-link-count\"> (50)<\/span><\/a>\n<a href=\"https:\/\/blogs.uni-bremen.de\/praxisschock\/tag\/tuerkei\/\" class=\"tag-cloud-link tag-link-58024 tag-link-position-40\" style=\"font-size: 13.551724137931pt;\" aria-label=\"T\u00fcrkei (28\u00a0Eintr\u00e4ge)\">T\u00fcrkei<span class=\"tag-link-count\"> (28)<\/span><\/a>\n<a href=\"https:\/\/blogs.uni-bremen.de\/praxisschock\/tag\/unterricht\/\" class=\"tag-cloud-link tag-link-192861 tag-link-position-41\" style=\"font-size: 9.8103448275862pt;\" aria-label=\"Unterricht (13\u00a0Eintr\u00e4ge)\">Unterricht<span class=\"tag-link-count\"> (13)<\/span><\/a>\n<a href=\"https:\/\/blogs.uni-bremen.de\/praxisschock\/tag\/unterrichten\/\" class=\"tag-cloud-link tag-link-639489 tag-link-position-42\" style=\"font-size: 8.9655172413793pt;\" aria-label=\"unterrichten (11\u00a0Eintr\u00e4ge)\">unterrichten<span class=\"tag-link-count\"> (11)<\/span><\/a>\n<a href=\"https:\/\/blogs.uni-bremen.de\/praxisschock\/tag\/visum\/\" class=\"tag-cloud-link tag-link-17819 tag-link-position-43\" style=\"font-size: 8.9655172413793pt;\" aria-label=\"Visum (11\u00a0Eintr\u00e4ge)\">Visum<span class=\"tag-link-count\"> (11)<\/span><\/a>\n<a href=\"https:\/\/blogs.uni-bremen.de\/praxisschock\/tag\/wohnungssuche\/\" class=\"tag-cloud-link tag-link-18623 tag-link-position-44\" style=\"font-size: 20.189655172414pt;\" aria-label=\"Wohnungssuche (102\u00a0Eintr\u00e4ge)\">Wohnungssuche<span class=\"tag-link-count\"> (102)<\/span><\/a>\n<a href=\"https:\/\/blogs.uni-bremen.de\/praxisschock\/tag\/oesterreich\/\" class=\"tag-cloud-link tag-link-368783 tag-link-position-45\" style=\"font-size: 9.3275862068966pt;\" aria-label=\"\u00d6sterreich (12\u00a0Eintr\u00e4ge)\">\u00d6sterreich<span class=\"tag-link-count\"> (12)<\/span><\/a><\/div>\n<\/div>\n\t\t\t<\/div>\n\t\t\t<\/div>\n\t\t\t\t\n\t\t\t\t\n\t\t\t\t\n\t\t\t\t\n\t\t\t<\/div>\n\t\t\t\t\n\t\t\t\t\n\t\t\t<\/div>\n","protected":false},"excerpt":{"rendered":"","protected":false},"author":5385,"featured_media":0,"parent":0,"menu_order":0,"comment_status":"closed","ping_status":"closed","template":"","meta":{"_bbp_topic_count":0,"_bbp_reply_count":0,"_bbp_total_topic_count":0,"_bbp_total_reply_count":0,"_bbp_voice_count":0,"_bbp_anonymous_reply_count":0,"_bbp_topic_count_hidden":0,"_bbp_reply_count_hidden":0,"_bbp_forum_subforum_count":0,"_et_pb_use_builder":"on","_et_pb_old_content":"","_et_gb_content_width":"","footnotes":""},"class_list":["post-1245","page","type-page","status-publish","hentry"],"_links":{"self":[{"href":"https:\/\/blogs.uni-bremen.de\/praxisschock\/wp-json\/wp\/v2\/pages\/1245","targetHints":{"allow":["GET"]}}],"collection":[{"href":"https:\/\/blogs.uni-bremen.de\/praxisschock\/wp-json\/wp\/v2\/pages"}],"about":[{"href":"https:\/\/blogs.uni-bremen.de\/praxisschock\/wp-json\/wp\/v2\/types\/page"}],"author":[{"embeddable":true,"href":"https:\/\/blogs.uni-bremen.de\/praxisschock\/wp-json\/wp\/v2\/users\/5385"}],"replies":[{"embeddable":true,"href":"https:\/\/blogs.uni-bremen.de\/praxisschock\/wp-json\/wp\/v2\/comments?post=1245"}],"version-history":[{"count":7,"href":"https:\/\/blogs.uni-bremen.de\/praxisschock\/wp-json\/wp\/v2\/pages\/1245\/revisions"}],"predecessor-version":[{"id":7653,"href":"https:\/\/blogs.uni-bremen.de\/praxisschock\/wp-json\/wp\/v2\/pages\/1245\/revisions\/7653"}],"wp:attachment":[{"href":"https:\/\/blogs.uni-bremen.de\/praxisschock\/wp-json\/wp\/v2\/media?parent=1245"}],"curies":[{"name":"wp","href":"https:\/\/api.w.org\/{rel}","templated":true}]}}